{"id":19587,"date":"2025-07-13T18:09:45","date_gmt":"2025-07-13T16:09:45","guid":{"rendered":"https:\/\/www.sunkaraoke.hu\/?post_type=product&#038;p=19587"},"modified":"2025-07-13T18:14:31","modified_gmt":"2025-07-13T16:14:31","slug":"piros-bela-piros-mulatos-94-mix-original","status":"publish","type":"product","link":"https:\/\/www.sunkaraoke.hu\/index.php\/termek\/piros-bela-piros-mulatos-94-mix-original\/","title":{"rendered":"<div class=\"wcmp-player-container product-19587\"><audio controlslist=\"nodownload\" data-product=\"19587\"  volume=\"1\"  preload=\"none\" data-lazyloading=\"none\" class=\"wcmp-player track mejs-classic\" data-duration=\"0:32\" data-estimated_duration=\"4\"><source src=\"https:\/\/www.sunkaraoke.hu\/wp-content\/uploads\/2025\/07\/Piros-mulatos-mix-94-demoo.mp3\" type=\"audio\/mp3\" \/><\/audio><\/div>Piros B\u00e9la -Piros Mulat\u00f3s 94. Mix. (Original)"},"content":{"rendered":"<p><b>18:42 <\/b>\u00a0<strong><img loading=\"lazy\" decoding=\"async\" class=\"alignnone size-full wp-image-467\" src=\"https:\/\/www.sunkaraoke.hu\/wp-content\/uploads\/2022\/07\/choir_2-copy.webp\" alt=\"\" width=\"30\" height=\"30\" \/> <\/strong><\/p>\n","protected":false},"excerpt":{"rendered":"<h6><strong>Bits\u0171r\u0171s\u00e9g: 320kb\/s<\/strong><br \/>\n<strong>Hossz: 18:42<\/strong><br \/>\n<strong>Vok\u00e1lt tartalmaz: Nem <img loading=\"lazy\" decoding=\"async\" class=\"alignnone size-full wp-image-467\" src=\"http:\/\/www.sunkaraoke.hu\/wp-content\/uploads\/2022\/07\/choir_2-copy.png\" alt=\"\" width=\"30\" height=\"30\" \/><\/strong><strong style=\"font-size: 16px;\"><br \/>\n<\/strong><\/h6>\n<p>Sunkaraoke mp3 st\u00fadi\u00f3 \/ www.sunkaraoke.hu \/ Inf: Tel: 06 20 4275001<\/p>\n<p>\u00c9n az \u00e9jjel nem aludtam egy \u00f3r\u00e1t,<br \/>\nhallgattam a r\u00e9gi bab\u00e1m panasz\u00e1t.<br \/>\n\u00c9jf\u00e9l ut\u00e1n, sejehaj, kezdtem elszenderedni,<br \/>\njaj, de bajos, ki egym\u00e1st nem szereti.<br \/>\n\u00c9jf\u00e9l ut\u00e1n, sejehaj, kezdtem elszenderedni,<br \/>\njaj, de bajos, ki egym\u00e1st nem szereti.<br \/>\n\u00dagy meguntam ezt a le\u00e1nyt szeretni,<br \/>\nde m\u00e9g jobban a gy\u0171r\u0171j\u00e9t viselni.<br \/>\nCs\u00fct\u00f6rt\u00f6k\u00f6n, sejehaj, megmondom az anyj\u00e1nak,<br \/>\nk\u00f6sz\u00f6n\u00f6m a j\u00f3s\u00e1g\u00e1t a l\u00e1ny\u00e1nak.<br \/>\nCs\u00fct\u00f6rt\u00f6k\u00f6n, sejehaj, megmondom az anyj\u00e1nak,<br \/>\nk\u00f6sz\u00f6n\u00f6m a j\u00f3s\u00e1g\u00e1t a l\u00e1ny\u00e1nak.<br \/>\nVerje meg az Isten a te any\u00e1dat,<br \/>\nm\u00e9rt csin\u00e1lta, hogy bolonduljak ut\u00e1nad.<br \/>\nZ\u00fagj\u00e1l erd\u0151, sejehaj, csend\u00fclj mez\u0151, falev\u00e9l,<br \/>\nszeresd bab\u00e1m, kit id\u00e1ig szerett\u00e9l.<br \/>\nZ\u00fagj\u00e1l erd\u0151, sejehaj, csend\u00fclj mez\u0151, falev\u00e9l,<br \/>\nszeresd bab\u00e1m, kit id\u00e1ig szerett\u00e9l.<br \/>\n&#8212;Sz\u00f3l\u00f3&#8212;<br \/>\nK\u00e9s\u0151 \u0151sszel sz\u00e1llnak messze a fecsk\u00e9k,<br \/>\nszomor\u00faan telnek t\u0151lem az est\u00e9k.<br \/>\nL\u00e1tod bab\u00e1m, sejehaj, elj\u00f6hetn\u00e9l egy este,<br \/>\nmegl\u00e1tn\u00e1d a b\u00fas sz\u00edvemet lefestve.<br \/>\nL\u00e1tod bab\u00e1m, sejehaj, elj\u00f6hetn\u00e9l egy este,<br \/>\nmegl\u00e1tn\u00e1d a b\u00fas sz\u00edvemet lefestve.<br \/>\nSzivart sz\u00edvtam, meg\u00e9gette a sz\u00e1mat,<br \/>\nm\u00e1s \u00f6leli az \u00e9n kedves bab\u00e1mat.<br \/>\nM\u00e1s \u00f6leli, sejehaj, m\u00e1snak \u00fcl az \u00f6l\u00e9be,<br \/>\nm\u00e1s kacsingat a fekete szem\u00e9be.<br \/>\nM\u00e1s \u00f6leli, sejehaj, m\u00e1snak \u00fcl az \u00f6l\u00e9be,<br \/>\nm\u00e1s kacsingat a fekete szem\u00e9be.<br \/>\nSz\u00e9les a viz, keskeny a hid felette,<br \/>\nR\u00f3lad bab\u00e1m minden gondot leveszem.<br \/>\n\u00dagy felejtsem, sejehaj, hogy m\u00e9g eszembe sem jutsz,<br \/>\nJ\u00f3s\u00e1god\u00e9rt fizessen meg, meg a J\u00e9zus.<br \/>\n\u00dagy felejtsem, sejehaj, hogy m\u00e9g eszembe sem jutsz,<br \/>\nJ\u00f3s\u00e1god\u00e9rt fizessen meg, meg a J\u00e9zus.<br \/>\n\u00c9n az \u00e9jjel nem aludtam egy \u00f3r\u00e1t,<br \/>\nhallgattam a r\u00e9gi bab\u00e1m panasz\u00e1t.<br \/>\n\u00c9jf\u00e9l ut\u00e1n, sejehaj, kezdtem elszenderedni,<br \/>\njaj, de bajos, ki egym\u00e1st nem szereti.<br \/>\n\u00c9jf\u00e9l ut\u00e1n, sejehaj, kezdtem elszenderedni,<br \/>\njaj, de bajos, ki egym\u00e1st nem szereti.<br \/>\n&#8212;Sz\u00f3l\u00f3&#8212;<br \/>\nSzomsz\u00e9dunkban van egy asszony,<br \/>\nannak van egy g\u00f6nd\u00f6r haj\u00fa le\u00e1nya.<br \/>\nG\u00f6nd\u00f6r haj\u00e1t f\u00fajja a sz\u00e9l,<br \/>\nengem meg a fene megesz ut\u00e1na.<br \/>\nMert \u00e9n is voltam neki bab\u00e1ja,adtam cs\u00f3kot a sz\u00e1j\u00e1ra.<br \/>\nVerje meg a jeges es\u0151,<br \/>\nmenjen ki a g\u00f6nd\u00f6r haja sim\u00e1ra.<br \/>\nMert \u00e9n is voltam neki bab\u00e1ja,<br \/>\nadtam cs\u00f3kot a sz\u00e1j\u00e1ra.<br \/>\nVerje meg a jeges es\u0151,<br \/>\nmenjen ki a g\u00f6nd\u00f6r haja sim\u00e1ra.<br \/>\nSzomsz\u00e9dunkban van egy asszony,<br \/>\nannak van egy g\u00f6nd\u00f6r haj\u00fa le\u00e1nya.<br \/>\nAz\u00e9rt \u00e9lek, az\u00e9rt halok, annak vagyok a bolondja csud\u00e1ra.<br \/>\nMert \u00e9n is voltam neki a bab\u00e1ja, adtam cs\u00f3kot a sz\u00e1j\u00e1ra,<br \/>\n\u201cRoggyon\u201d r\u00e1 a csillagos \u00e9g,<br \/>\nnyomja le a g\u00f6nd\u00f6r haj\u00e1t sim\u00e1ra!<br \/>\nMert \u00e9n is voltam n\u00e9ki a bab\u00e1ja, adtam cs\u00f3kot a sz\u00e1j\u00e1ra,<br \/>\n\u201cRoggyon\u201d r\u00e1 a csillagos \u00e9g,<br \/>\nnyomja le a g\u00f6nd\u00f6r haj\u00e1t sim\u00e1ra!<br \/>\n&#8212;Sz\u00f3l\u00f3&#8212;<br \/>\nJuh\u00e1sz kuty\u00e1k ugatnak, tal\u00e1n meg is harapnak,<br \/>\nne f\u00e9lj barna kisl\u00e1ny nem hagylak,a sub\u00e1m al\u00e1 takarlak.<br \/>\nNe f\u00e9lj barna kisl\u00e1ny nem hagylak,a sub\u00e1m al\u00e1 takarlak.<br \/>\nF\u00e1j a kuty\u00e1m bal l\u00e1ba,meg\u00fct\u00f6tte a szalm\u00e1ba,<br \/>\n\u00fagy kell neki hadd f\u00e1jjon, a l\u00e1nyok ut\u00e1n ne j\u00e1rjon.<br \/>\n\u00dcgy kell neki hadd f\u00e1jjon, a l\u00e1nyok ut\u00e1n ne j\u00e1rjon.<br \/>\n&#8212;Sz\u00f3l\u00f3&#8212;<br \/>\nJuh\u00e1sz kuty\u00e1k ugatnak, tal\u00e1n meg is harapnak,<br \/>\nne f\u00e9lj barna kisl\u00e1ny nem hagylak a sub\u00e1m al\u00e1 takarlak.<br \/>\nNe f\u00e9lj barna kisl\u00e1ny nem hagylak, sub\u00e1m al\u00e1 takarlak.<br \/>\nF\u00e1j a kuty\u00e1m bal l\u00e1ba meg\u00fct\u00f6tte a szalm\u00e1ba,<br \/>\n\u00fagy kell neki , hadd f\u00e1jjon, a l\u00e1nyok ut\u00e1n ne j\u00e1rjon.<br \/>\n\u00dcgy kell neki , hadd f\u00e1jjon, a l\u00e1nyok ut\u00e1n ne j\u00e1rjon.<br \/>\n&#8212;Sz\u00f3l\u00f3&#8212;<br \/>\nHaragszik az \u00e9desany\u00e1m,hogy \u00e9n megh\u00e1zasodtam,<br \/>\nhogy \u00e9n az \u0151 hajl\u00e9k\u00e1ba ilyen szeg\u00e9ny l\u00e1nyt hoztam.<br \/>\nSzeg\u00e9ny a l\u00e1ny,\u00e9desany\u00e1m,de gazdag a szerelme.<br \/>\nSz\u00e1z hold f\u00f6ldn\u00e9l is t\u00f6bbet \u00e9r a ragyog\u00f3,fekete szeme.<br \/>\nSzeg\u00e9ny a l\u00e1ny,\u00e9desany\u00e1m,de gazdag a szerelme.<br \/>\nSz\u00e1z hold f\u00f6ldn\u00e9l is t\u00f6bbet \u00e9r a ragyog\u00f3,fekete szeme.<br \/>\nHa bemegyek a kocsm\u00e1ba,r\u00e1v\u00e1gok az asztalra.<br \/>\nAzt k\u00e9rdi a kocsm\u00e1rosn\u00e9:S\u00f6r k\u00e9ne,vagy p\u00e1linka?<br \/>\nS\u00f6r el\u0151ttem,bor el\u0151ttem,karjaimban fekete bab\u00e1m.<br \/>\nH\u00e1tam m\u00f6g\u00f6tt a debreceni cig\u00e1nybanda sz\u00e9pen muzsik\u00e1l.<br \/>\nS\u00f6r el\u0151ttem,bor el\u0151ttem,karjaimban fekete bab\u00e1m.<br \/>\nH\u00e1tam m\u00f6g\u00f6tt a debreceni cig\u00e1nybanda sz\u00e9pen muzsik\u00e1l.<br \/>\n&#8212;Sz\u00f3l\u00f3&#8212;<br \/>\nHaragszik az \u00e9desany\u00e1m,hogy \u00e9n megh\u00e1zasodtam,<br \/>\nhogy \u00e9n az \u0151 hajl\u00e9k\u00e1ba,ilyen szeg\u00e9ny l\u00e1nyt hoztam.<br \/>\nSzeg\u00e9ny a l\u00e1ny,\u00e9desany\u00e1m, de gazdag a szerelme.<br \/>\nSz\u00e1z hold f\u00f6ldn\u00e9l is t\u00f6bbet \u00e9r, a ragyog\u00f3,fekete szeme.<br \/>\nSzeg\u00e9ny a l\u00e1ny \u00e9desany\u00e1m, de gazdag a szerelme.<br \/>\nSz\u00e1z hold f\u00f6ldn\u00e9l is t\u00f6bbet \u00e9r, a ragyog\u00f3,fekete szeme.<br \/>\n\u00d6r\u00fcl m\u00e1r az \u00e9desany\u00e1m, hogy \u00e9n megh\u00e1zasodtam.<br \/>\nHogy \u00e9n az \u0151 hajl\u00e9k\u00e1ba, ilyen gazdag l\u00e1nyt hoztam,<br \/>\nGazdag a l\u00e1ny \u00e9desany\u00e1m, de szeg\u00e9ny a szerelme.<br \/>\nH\u00e1ljon vele az \u00e9desany\u00e1m, ha elvetette velem.<br \/>\nGazdag a l\u00e1ny \u00e9desany\u00e1m,, de szeg\u00e9ny a szerelme.<br \/>\nH\u00e1ljon vele az \u00e9desany\u00e1m, ha elvetette velem.<br \/>\n&#8212;Sz\u00f3l\u00f3&#8212;<br \/>\nA panyolai f\u0151utc\u00e1n, a templom tetej\u00e9re,<br \/>\nr\u00e1sz\u00e1llot egy holl\u00f3 tiszta feket\u00e9be.<br \/>\nSz\u00e1rnya alatt ,jaj de aranyos a tolla,<br \/>\nmost vagyok a , most vagyok a legszebb leg\u00e9nykorba.<br \/>\nSz\u00e1rnya alatt , jaj de aranyos a tolla,<br \/>\nmost vagyok a , most vagyok a legszebb leg\u00e9nykorba.<br \/>\nA Panyolai utca v\u00e9g\u00e9n van egy cserepesh\u00e1z,<br \/>\nha arra j\u00e1rok m\u00e9g a sz\u00edvem is f\u00e1j.<br \/>\nValah\u00e1nyszor arra megyek el el\u0151tte,<br \/>\nmindannyiszor kisangyalom, te j\u00e1rsz az eszembe.<br \/>\nValah\u00e1nyszor arra megyek el el\u0151tte,<br \/>\nmindannyiszor kisangyalom, te j\u00e1rsz az eszembe.<br \/>\n&#8212;Sz\u00f3l\u00f3&#8212;<br \/>\nA panyolai f\u0151utc\u00e1n, a templom tetej\u00e9re,<br \/>\nr\u00e1sz\u00e1llot egy holl\u00f3 tiszta feket\u00e9be.<br \/>\nSz\u00e1rnya alatt , jaj de aranyos a tolla,<br \/>\nmost vagyok a , most vagyok a legszebb leg\u00e9nykorba.<br \/>\nSz\u00e1rnya alatt, jaj de aranyos a tolla,<br \/>\nmost vagyok a , most vagyok a legszebb leg\u00e9nykorba.<br \/>\nA Panyolai utca v\u00e9g\u00e9n van egy cserepesh\u00e1z,<br \/>\nha arra j\u00e1rok m\u00e9g a sz\u00edvem is f\u00e1j.<br \/>\nValah\u00e1nyszor arra megyek el el\u0151tte,<br \/>\nmindannyiszor kisangyalom, te j\u00e1rsz az eszembe.<br \/>\nValah\u00e1nyszor arra megyek el el\u0151tte,<br \/>\nmindannyiszor kisangyalom, te j\u00e1rsz az eszembe.<br \/>\n&#8212;Sz\u00f3l\u00f3&#8212;<br \/>\nVettem a piacon egy sz\u00e1jkosarat, pedig m\u00e9g csak kuty\u00e1m se volt,<br \/>\na feles\u00e9gem sz\u00e1j\u00e1ra r\u00e1tetetem, hogy ne ugasson vissza nekem.<br \/>\nR\u00e1tetetem, r\u00e1lakatolom, a lakatnak a kulcs\u00e1t a Tisz\u00e1ba dobom.<br \/>\nHa le akarja venni a lakatot a n\u0151,h\u00e1t ugorjon a Tisz\u00e1ba \u0150.<br \/>\nR\u00e1tetetem, r\u00e1lakatolom, a lakatnak a kulcs\u00e1t a Tisz\u00e1ba dobom.<br \/>\nHa le akarja venni a lakatot a n\u0151,h\u00e1t ugorjon a Tisz\u00e1ba \u0150.<br \/>\nVettem a piacon egy sz\u00e1jkosarat, pedig m\u00e9g csak kuty\u00e1m se volt,<br \/>\na feles\u00e9gem sz\u00e1j\u00e1ra r\u00e1tetetem, hogy ne ugasson vissza nekem.<br \/>\nR\u00e1tetetem, r\u00e1lakatolom, a lakatnak a kulcs\u00e1t a Tisz\u00e1ba dobom.<br \/>\nHa le akarja venni a lakatot a n\u0151,h\u00e1t ugorjon a Tisz\u00e1ba \u0150.<br \/>\nR\u00e1tetetem, r\u00e1lakatolom, a lakatnak a kucs\u00e1t a Tisz\u00e1ba dobom.<br \/>\nHa le akarja venni a lakatot a n\u0151,h\u00e1t ugorjon a Tisz\u00e1ba \u0150.<br \/>\n&#8212;Sz\u00f3l\u00f3&#8212;<br \/>\nUtca,utca,utca,s\u00e1ros utca,a panyolai utca,<br \/>\nutolj\u00e1ra v\u00e9gigmegyek rajta.<br \/>\nUtolj\u00e1ra meg\u00e1llok egy h\u00e1zn\u00e1l,<br \/>\na szeret\u0151m,kisangyalom r\u00e1csos kapuj\u00e1n\u00e1l.<br \/>\nUtolj\u00e1ra meg\u00e1llok egy h\u00e1zn\u00e1l,<br \/>\na szeret\u0151m,kisangyalom r\u00e1csos kapuj\u00e1n\u00e1l.<br \/>\nMegverem a z\u00f6ldre festett r\u00e1csos kis kapudat,<br \/>\nereszd be a kedves galambodat.<br \/>\nEreszd be h\u00e1t nem fogod megb\u00e1nni,<br \/>\nnem fogok \u00e9n hamarosan j\u00f3 \u00e9jszak\u00e1t k\u00edv\u00e1nni.<br \/>\nEreszd be h\u00e1t nem fogod megb\u00e1nni,<br \/>\nnem fogok \u00e9n hamarosan j\u00f3 \u00e9jszak\u00e1t k\u00edv\u00e1nni.<br \/>\n&#8212;Sz\u00f3l\u00f3&#8212;<br \/>\nEger v\u00e1rosa papok v\u00e1rosa csuh\u00e1sok j\u00e1rnak fapapucsba,<br \/>\ncsuh\u00e1sok j\u00e1rnak Inomine p\u00e1tris reverenda alatt p\u00e1link\u00e1t visz.<br \/>\nCsuh\u00e1sok j\u00e1rnak Inomine p\u00e1tris reverenda alatt p\u00e1link\u00e1t visz.<br \/>\nNem vagyok \u00e9n bar\u00e1t, szeretem a pi\u00e1t, odaadom \u00e9rte a reverend\u00e1t,<br \/>\noda adom \u00e9rte a csattos imak\u00f6nyvet, \u00f6lelem \u00e9s cs\u00f3kolom a szeret\u0151met.<br \/>\nOda adom \u00e9rte a csattos imak\u00f6nyvet, \u00f6lelem \u00e9s cs\u00f3kolom a szeret\u0151met.<br \/>\n&#8212;V\u00e9ge&#8212;<\/p>\n","protected":false},"featured_media":12989,"template":"","meta":{"site-sidebar-layout":"default","site-content-layout":"default","ast-site-content-layout":"default","site-content-style":"default","site-sidebar-style":"default","ast-global-header-display":"","ast-banner-title-visibility":"","ast-main-header-display":"","ast-hfb-above-header-display":"","ast-hfb-below-header-display":"","ast-hfb-mobile-header-display":"","site-post-title":"","ast-breadcrumbs-content":"","ast-featured-img":"","footer-sml-layout":"","theme-transparent-header-meta":"default","adv-header-id-meta":"","stick-header-meta":"","header-above-stick-meta":"","header-main-stick-meta":"","header-below-stick-meta":"","astra-migrate-meta-layouts":"set","ast-page-background-enabled":"default","ast-page-background-meta":{"desktop":{"background-color":"var(--ast-global-color-4)","background-image":"","background-repeat":"repeat","background-position":"center center","background-size":"auto","background-attachment":"scroll","background-type":"","background-media":"","overlay-type":"","overlay-color":"","overlay-opacity":"","overlay-gradient":""},"tablet":{"background-color":"","background-image":"","background-repeat":"repeat","background-position":"center center","background-size":"auto","background-attachment":"scroll","background-type":"","background-media":"","overlay-type":"","overlay-color":"","overlay-opacity":"","overlay-gradient":""},"mobile":{"background-color":"","background-image":"","background-repeat":"repeat","background-position":"center center","background-size":"auto","background-attachment":"scroll","background-type":"","background-media":"","overlay-type":"","overlay-color":"","overlay-opacity":"","overlay-gradient":""}},"ast-content-background-meta":{"desktop":{"background-color":"var(--ast-global-color-5)","background-image":"","background-repeat":"repeat","background-position":"center center","background-size":"auto","background-attachment":"scroll","background-type":"","background-media":"","overlay-type":"","overlay-color":"","overlay-opacity":"","overlay-gradient":""},"tablet":{"background-color":"var(--ast-global-color-5)","background-image":"","background-repeat":"repeat","background-position":"center center","background-size":"auto","background-attachment":"scroll","background-type":"","background-media":"","overlay-type":"","overlay-color":"","overlay-opacity":"","overlay-gradient":""},"mobile":{"background-color":"var(--ast-global-color-5)","background-image":"","background-repeat":"repeat","background-position":"center center","background-size":"auto","background-attachment":"scroll","background-type":"","background-media":"","overlay-type":"","overlay-color":"","overlay-opacity":"","overlay-gradient":""}}},"product_cat":[48],"product_tag":[],"class_list":["post-19587","product","type-product","status-publish","has-post-thumbnail","hentry","product_cat-sunkaraoke-dalok","desktop-align-left","tablet-align-left","mobile-align-left"],"_links":{"self":[{"href":"https:\/\/www.sunkaraoke.hu\/index.php\/wp-json\/wp\/v2\/product\/19587","targetHints":{"allow":["GET"]}}],"collection":[{"href":"https:\/\/www.sunkaraoke.hu\/index.php\/wp-json\/wp\/v2\/product"}],"about":[{"href":"https:\/\/www.sunkaraoke.hu\/index.php\/wp-json\/wp\/v2\/types\/product"}],"wp:featuredmedia":[{"embeddable":true,"href":"https:\/\/www.sunkaraoke.hu\/index.php\/wp-json\/wp\/v2\/media\/12989"}],"wp:attachment":[{"href":"https:\/\/www.sunkaraoke.hu\/index.php\/wp-json\/wp\/v2\/media?parent=19587"}],"wp:term":[{"taxonomy":"product_cat","embeddable":true,"href":"https:\/\/www.sunkaraoke.hu\/index.php\/wp-json\/wp\/v2\/product_cat?post=19587"},{"taxonomy":"product_tag","embeddable":true,"href":"https:\/\/www.sunkaraoke.hu\/index.php\/wp-json\/wp\/v2\/product_tag?post=19587"}],"curies":[{"name":"wp","href":"https:\/\/api.w.org\/{rel}","templated":true}]}}